{"id":149,"date":"2023-08-01T18:17:38","date_gmt":"2023-08-01T16:17:38","guid":{"rendered":"https:\/\/www.fondationjbnothomb.eu\/?page_id=149"},"modified":"2025-10-14T22:23:39","modified_gmt":"2025-10-14T20:23:39","slug":"journees-des-langues-et-des-cultures","status":"publish","type":"page","link":"https:\/\/fondationjbnothomb.eu\/?page_id=149","title":{"rendered":"Journ\u00e9es des Langues et des Cultures"},"content":{"rendered":"\n<h2 class=\"wp-block-heading\">Un week-end pour (re)donner le go\u00fbt des langues<\/h2>\n\n\n\n<p>De tout temps, partout, les langues ont cohabit\u00e9, mais ici, dans la <strong>r\u00e9gion des Trois-Fronti\u00e8res<\/strong>, nous avons tous en commun d\u2019en entendre beaucoup, et peut-\u00eatre m\u00eame d\u2019en parler plusieurs.<\/p>\n\n\n\n<p>Le fran\u00e7ais, le luxembourgeois et l\u2019allemand nous viennent tout de suite \u00e0 l\u2019esprit, mais il ne faudrait pas oublier le n\u00e9erlandais et l\u2019anglais, ni le portugais, l\u2019espagnol, l\u2019italien et tellement d\u2019autres \u2026&nbsp;<\/p>\n\n\n\n<p>L\u2019\u00e9v\u00e9nement que nous organisons entend vous (re)donner le go\u00fbt des langues, qui ouvrent le dialogue, au del\u00e0 des fronti\u00e8res. <\/p>\n\n\n\n<p><strong>Les Journ\u00e9es des langues et des cultures auront lieu&nbsp; au Palais (ancien Palais de Justice), Place L\u00e9opold, \u00e0 Arlon, du 17 au 19 octobre 2025<\/strong>.<\/p>\n\n\n\n<hr class=\"wp-block-separator has-alpha-channel-opacity\"\/>\n\n\n\n<h2 class=\"wp-block-heading\">D\u00e9couvrez celles et ceux qui donnent vie \u00e0 nos Journ\u00e9es des Langues et des Cultures<\/h2>\n\n\n\n<figure class=\"wp-block-image size-full\"><a href=\"https:\/\/www.fondationjbnothomb.eu\/wp-content\/uploads\/2025\/10\/JLC-2025-Intervenants-Presentation-1.pdf\" target=\"_blank\" rel=\" noreferrer noopener\"><img loading=\"lazy\" decoding=\"async\" width=\"453\" height=\"639\" src=\"https:\/\/www.fondationjbnothomb.eu\/wp-content\/uploads\/2025\/10\/Capture-decran-2025-10-14-222118.png\" alt=\"\" class=\"wp-image-1169\" srcset=\"https:\/\/fondationjbnothomb.eu\/wp-content\/uploads\/2025\/10\/Capture-decran-2025-10-14-222118.png 453w, https:\/\/fondationjbnothomb.eu\/wp-content\/uploads\/2025\/10\/Capture-decran-2025-10-14-222118-213x300.png 213w\" sizes=\"auto, (max-width: 453px) 100vw, 453px\" \/><\/a><\/figure>\n\n\n\n<p> <\/p>\n\n\n\n<hr class=\"wp-block-separator has-alpha-channel-opacity\"\/>\n\n\n\n<p>Au programme<\/p>\n\n\n\n<p><strong>Vendredi 17 octobre<\/strong><\/p>\n\n\n\n<p>9h-16h &#8211; <strong>Ateliers d&rsquo;\u00e9criture<\/strong> en fran\u00e7ais, en allemand et en n\u00e9erlandais pour les \u00e9l\u00e8ves de l\u2019enseignement secondaire sup\u00e9rieur : <strong>\u00ab Vivre vite, n\u2019est-ce pas folie ? \u00bb<\/strong> (sur inscription) Avec Bruno MAR\u00c9E, Paul MATHIEU, Marc PIRET, Marie-Claire VERDURE, Jo GOVAERTS, Bettina GHASEMPOOR<\/p>\n\n\n\n<p>19h &#8211;<strong> Conf\u00e9rence inaugurale <\/strong>par Germaine GOETZINGER \u00abAline Mayrisch: f\u00e9ministe engag\u00e9e &#8211; philanthrope \u00e9clair\u00e9e &#8211; femme de lettres \u00e9minente\u00bb<\/p>\n\n\n\n<p>Aline Mayrisch-de Saint-Hubert a \u00e9crit l\u2019histoire sociale et culturelle du Luxembourg.<\/p>\n\n\n\n<p>Marqu\u00e9e par une volont\u00e9 inconditionnelle de changement, pr\u00eate \u00e0 d\u00e9passer les limites pour remodeler l\u2019image de la femme dans la soci\u00e9t\u00e9, Aline Mayrisch a p\u00e9n\u00e9tr\u00e9 dans des domaines qui, au tournant du si\u00e8cle dernier, restaient habituellement ferm\u00e9s aux femmes. Dans un monde domin\u00e9 par les hommes, elle s\u2019est engag\u00e9e pour l\u2019autod\u00e9termination et l\u2019\u00e9ducation des femmes. Pourtant, encore aujourd\u2019hui, elle est connue avant tout comme \u00e9tant l\u2019\u00e9pouse de l\u2019industriel \u00c9mile Mayrisch.<\/p>\n\n\n\n<p>La chercheuse en histoire et en litt\u00e9rature Germaine Goetzinger retrace avec pr\u00e9cision la vie mouvement\u00e9e et les multiples facettes de cette personnalit\u00e9 \u00e9mancip\u00e9e, \u00e9prise d\u2019art et de litt\u00e9rature. Outre ses acquis politiques et sociaux, elle met en lumi\u00e8re l\u2019\u0153uvre litt\u00e9raire de Mayrisch.<\/p>\n\n\n\n<p>R\u00e9servation par mail<\/p>\n\n\n\n<p><strong>Samedi 18 octobre<\/strong><\/p>\n\n\n\n<p>14h &#8211; <strong>Lectures crois\u00e9es<\/strong> d\u2019auteur.e.s en plusieurs langues Avec Philippe COLMANT &#8211; Bruno MAR\u00c9E &#8211; Paul MATHIEU &#8211; Marc PIRET &#8211; Marie WOUTERS &#8211; Ulrike BAIL &#8211; Jean PORTANTE<\/p>\n\n\n\n<p>19h &#8211; <strong>\u00abParcours au Levant, musical et litt\u00e9raire avec Khalil Gibran\u00bb<\/strong><br>Philippe MARYSSAEL et Jean SCHOT &#8211; <a href=\"https:\/\/my.weezevent.com\/jlc-2025-parcours-au-levant-musical-et-litteraire-avec-khalil-gibran\">Billetterie Weezevent<\/a><\/p>\n\n\n\n<p>Philippe Maryssael proposera, sur le th\u00e8me \u00ab Parcours au Levant avec Khalil Gibran \u00bb la lecture de textes de l&rsquo;auteur et artiste libanais Khalil Gibran dans plusieurs langues dont l&rsquo;anglais, le fran\u00e7ais, le n\u00e9erlandais et l&rsquo;arabe. Il pr\u00e9sentera les \u0153uvres picturales de l&rsquo;auteur du Proph\u00e8te, principalement celles qu&rsquo;il s\u00e9lectionna pour illustrer ses ouvrages.<\/p>\n\n\n\n<p>Le saxophoniste Jean Schot assure l&rsquo;accompagnement musical.<\/p>\n\n\n\n<p><strong>Dimanche 19 octobre<\/strong><\/p>\n\n\n\n<p>14h &#8211; <strong>Colloque \u00abLitt\u00e9ratures dans les deux Luxembourg: H. Juin, J. Lebon, E. Dune, J. Portante et \u2026\u00bb<\/strong> avec Mich\u00e8le GARANT, Paul MATHIEU, Jean PORTANTE, Myriam SUNNEN, Frank WILHELM, pr\u00e9sent\u00e9s par Philippe GREISCH<\/p>\n\n\n\n<p>&nbsp;&nbsp;&nbsp;&nbsp;&nbsp;&nbsp;&nbsp;&nbsp;&nbsp;&nbsp;&nbsp;&nbsp;&nbsp;&nbsp;&nbsp;R\u00e9servation par mail<\/p>\n\n\n\n<p><strong>Expositions<\/strong><\/p>\n\n\n\n<p>Des expositions d&rsquo;\u0153uvres de Yolande GREISCH-BENATS, Fabienne STOFFEL et Andrea TISON, exposition Khalil Gibran, exposition \u00ab Hubert Juin, Jean Lebon, Edmond Dune, Fr\u00e9d\u00e9ric Kiesel, et autres \u00bb&nbsp; (Biblioth\u00e8ques communales d\u2019Aubange, Mus\u00e9e Gaspar &#8211; Ville d\u2019Arlon, Institut arch\u00e9ologique du Luxembourg et Acad\u00e9mie luxembourgeoise)<\/p>\n\n\n\n<p><strong>Un quiz<\/strong><\/p>\n\n\n\n<p>Nous vous proposons aussi un quizz. \u00c0 la cl\u00e9, pour trois visiteurs, un ouvrage de l\u2019auteur et artiste libanais Khalil Gibran (1883-1931) traduit par Philippe Maryssael.<br>Sur l\u2019ensemble du site du Palais seront pr\u00e9sent\u00e9s des textes et des dessins de l\u2019\u00e9crivain et artiste Khalil Gibran. Ils constituent autant d\u2019indices vous permettant de r\u00e9pondre aux questions qui vous seront propos\u00e9es.&nbsp;<\/p>\n\n\n\n<p>Avant le d\u00e9but du spectacle \u00ab Parcours au Levant avec Khalil Gibran \u00bb, les bulletins seront d\u00e9pouill\u00e9s et les r\u00e9sultats seront annonc\u00e9s. 1<sup>er<\/sup> prix : \u0152uvres, I \u2013 paru \u00e0 Paris aux \u00c9ditions Orizons le 21 d\u00e9cembre 2023 2<sup>e<\/sup> prix : Le Proph\u00e8te (\u00e9dition bilingue) \u2013 paru \u00e0 Arlon chez DEMDEL \u00c9ditions le 30 novembre 2020 3 e prix : Le Proph\u00e8te (\u00e9dition unilingue) \u2013 paru \u00e0 Arlon chez DEMDEL \u00c9ditions le 15 d\u00e9cembre 2021<br>Bonne chance !<\/p>\n\n\n\n<p><\/p>\n\n\n\n<figure class=\"wp-block-image size-large\"><img loading=\"lazy\" decoding=\"async\" width=\"735\" height=\"1024\" src=\"https:\/\/www.fondationjbnothomb.eu\/wp-content\/uploads\/2025\/09\/Affiche-JLC-2025-735x1024.jpg\" alt=\"\" class=\"wp-image-1118\" srcset=\"https:\/\/fondationjbnothomb.eu\/wp-content\/uploads\/2025\/09\/Affiche-JLC-2025-735x1024.jpg 735w, https:\/\/fondationjbnothomb.eu\/wp-content\/uploads\/2025\/09\/Affiche-JLC-2025-215x300.jpg 215w, https:\/\/fondationjbnothomb.eu\/wp-content\/uploads\/2025\/09\/Affiche-JLC-2025-768x1070.jpg 768w, https:\/\/fondationjbnothomb.eu\/wp-content\/uploads\/2025\/09\/Affiche-JLC-2025-1102x1536.jpg 1102w, https:\/\/fondationjbnothomb.eu\/wp-content\/uploads\/2025\/09\/Affiche-JLC-2025.jpg 1179w\" sizes=\"auto, (max-width: 735px) 100vw, 735px\" \/><\/figure>\n\n\n\n<p>Merci d&rsquo;en parler autour de vous et au plaisir de vous rencontrer lors de ces journ\u00e9es.<\/p>\n\n\n\n<p>&nbsp;&nbsp;&nbsp;&nbsp;&nbsp;&nbsp;&nbsp;&nbsp;&nbsp;&nbsp;&nbsp;&nbsp;&nbsp;<\/p>\n\n\n\n<p><strong>Rien de cela ne serait possible sans l&rsquo;enthousiasme de nos partenaires<\/strong><\/p>\n\n\n\n<p><\/p>\n\n\n\n<figure class=\"wp-block-image size-large\"><img loading=\"lazy\" decoding=\"async\" width=\"1024\" height=\"285\" src=\"https:\/\/www.fondationjbnothomb.eu\/wp-content\/uploads\/2024\/09\/JLC-2025-Bas-de-page-A4-Logos-18-x-5-cm-1024x285.png\" alt=\"\" class=\"wp-image-1160\" srcset=\"https:\/\/fondationjbnothomb.eu\/wp-content\/uploads\/2024\/09\/JLC-2025-Bas-de-page-A4-Logos-18-x-5-cm-1024x285.png 1024w, https:\/\/fondationjbnothomb.eu\/wp-content\/uploads\/2024\/09\/JLC-2025-Bas-de-page-A4-Logos-18-x-5-cm-300x83.png 300w, https:\/\/fondationjbnothomb.eu\/wp-content\/uploads\/2024\/09\/JLC-2025-Bas-de-page-A4-Logos-18-x-5-cm-768x214.png 768w, https:\/\/fondationjbnothomb.eu\/wp-content\/uploads\/2024\/09\/JLC-2025-Bas-de-page-A4-Logos-18-x-5-cm-1536x427.png 1536w, https:\/\/fondationjbnothomb.eu\/wp-content\/uploads\/2024\/09\/JLC-2025-Bas-de-page-A4-Logos-18-x-5-cm.png 2000w\" sizes=\"auto, (max-width: 767px) 89vw, (max-width: 1000px) 54vw, (max-width: 1071px) 543px, 580px\" \/><\/figure>\n\n\n\n<p><a href=\"https:\/\/academieluxembourgeoise.net\/\" data-type=\"link\" data-id=\"https:\/\/academieluxembourgeoise.net\/\" target=\"_blank\" rel=\"noreferrer noopener\">Acad\u00e9mie luxembourgeoise<\/a><\/p>\n\n\n\n<p><a href=\"https:\/\/www.cerbelux.be\/\" data-type=\"link\" data-id=\"https:\/\/www.cerbelux.be\/\" target=\"_blank\" rel=\"noreferrer noopener\">Centre de rencontres belgo-luxembourgeois <\/a>(CRBL) <\/p>\n\n\n\n<p><a href=\"https:\/\/ebib.aubange.be\/\" data-type=\"link\" data-id=\"https:\/\/ebib.aubange.be\/\" target=\"_blank\" rel=\"noreferrer noopener\">Biblioth\u00e8ques communales d\u2019Aubange<\/a><\/p>\n\n\n\n<p><a href=\"https:\/\/cnl.public.lu\/fr.html\" data-type=\"link\" data-id=\"https:\/\/www.cerbelux.be\/\" target=\"_blank\" rel=\"noreferrer noopener\">Centre national de litt\u00e9rature (CNL)<\/a><\/p>\n\n\n\n<p><a href=\"https:\/\/www.cercledesamisdecolpach.eu\/\" data-type=\"link\" data-id=\"https:\/\/www.cercledesamisdecolpach.eu\/\" target=\"_blank\" rel=\"noreferrer noopener\">Cercle des Amis de Colpach<\/a> <\/p>\n\n\n\n<p><a href=\"https:\/\/cercle-werner.aubange.be\/\" target=\"_blank\" rel=\"noreferrer noopener\">Cercle europ\u00e9en Pierre Werner<\/a><\/p>\n\n\n\n<p><a href=\"https:\/\/www.facebook.com\/fiftyonehautesemois\/?locale=fr_FR\" data-type=\"link\" data-id=\"https:\/\/www.facebook.com\/fiftyonehautesemois\/?locale=fr_FR\" target=\"_blank\" rel=\"noreferrer noopener\">Fifty-One Club de Haute Semois<\/a> <\/p>\n\n\n\n<p><a href=\"https:\/\/www.goethe.de\/ins\/be\/fr\/index.html\" data-type=\"link\" data-id=\"https:\/\/www.goethe.de\/ins\/be\/fr\/index.html\" target=\"_blank\" rel=\"noreferrer noopener\">Goethe Institut<\/a><\/p>\n\n\n\n<p><a href=\"https:\/\/www.evea.de\/index.htm\" data-type=\"link\" data-id=\"https:\/\/www.evea.de\/index.htm\" target=\"_blank\" rel=\"noreferrer noopener\">Groupement europ\u00e9en des Ardennes et de l\u2019Eifel<\/a><\/p>\n\n\n\n<p><a href=\"https:\/\/reseaulangues.be\/\" data-type=\"link\" data-id=\"https:\/\/reseaulangues.be\/\" target=\"_blank\" rel=\"noreferrer noopener\">R\u00e9seaulangues<\/a> [province de Luxembourg]<\/p>\n\n\n\n<p><a href=\"https:\/\/taalunie.org\/\" data-type=\"link\" data-id=\"https:\/\/taalunie.org\/\" target=\"_blank\" rel=\"noreferrer noopener\">TaalUnie<\/a><\/p>\n\n\n\n<p><a href=\"https:\/\/www.arlon.be\/\" data-type=\"link\" data-id=\"https:\/\/www.arlon.be\/\" target=\"_blank\" rel=\"noreferrer noopener\">Ville d\u2019Arlon<\/a><\/p>\n\n\n\n<p><a href=\"https:\/\/www.aubange.be\/joomla3\/\" data-type=\"link\" data-id=\"https:\/\/www.aubange.be\/joomla3\/\" target=\"_blank\" rel=\"noreferrer noopener\">Ville d\u2019Aubange<\/a><\/p>\n\n\n\n<hr class=\"wp-block-separator has-alpha-channel-opacity\"\/>\n","protected":false},"excerpt":{"rendered":"<p>Un week-end pour (re)donner le go\u00fbt des langues De tout temps, partout, les langues ont cohabit\u00e9, mais ici, dans la r\u00e9gion des Trois-Fronti\u00e8res, nous avons tous en commun d\u2019en entendre beaucoup, et peut-\u00eatre m\u00eame d\u2019en parler plusieurs. Le fran\u00e7ais, le luxembourgeois et l\u2019allemand nous viennent tout de suite \u00e0 l\u2019esprit, mais il ne faudrait pas &hellip; <\/p>\n<p class=\"link-more\"><a href=\"https:\/\/fondationjbnothomb.eu\/?page_id=149\" class=\"more-link\">Continuer la lecture<span class=\"screen-reader-text\"> de &laquo;&nbsp;Journ\u00e9es des Langues et des Cultures&nbsp;&raquo;<\/span><\/a><\/p>\n","protected":false},"author":11,"featured_media":0,"parent":0,"menu_order":0,"comment_status":"closed","ping_status":"closed","template":"","meta":{"footnotes":""},"class_list":["post-149","page","type-page","status-publish","hentry"],"_links":{"self":[{"href":"https:\/\/fondationjbnothomb.eu\/index.php?rest_route=\/wp\/v2\/pages\/149","targetHints":{"allow":["GET"]}}],"collection":[{"href":"https:\/\/fondationjbnothomb.eu\/index.php?rest_route=\/wp\/v2\/pages"}],"about":[{"href":"https:\/\/fondationjbnothomb.eu\/index.php?rest_route=\/wp\/v2\/types\/page"}],"author":[{"embeddable":true,"href":"https:\/\/fondationjbnothomb.eu\/index.php?rest_route=\/wp\/v2\/users\/11"}],"replies":[{"embeddable":true,"href":"https:\/\/fondationjbnothomb.eu\/index.php?rest_route=%2Fwp%2Fv2%2Fcomments&post=149"}],"version-history":[{"count":50,"href":"https:\/\/fondationjbnothomb.eu\/index.php?rest_route=\/wp\/v2\/pages\/149\/revisions"}],"predecessor-version":[{"id":1175,"href":"https:\/\/fondationjbnothomb.eu\/index.php?rest_route=\/wp\/v2\/pages\/149\/revisions\/1175"}],"wp:attachment":[{"href":"https:\/\/fondationjbnothomb.eu\/index.php?rest_route=%2Fwp%2Fv2%2Fmedia&parent=149"}],"curies":[{"name":"wp","href":"https:\/\/api.w.org\/{rel}","templated":true}]}}